{"id":590,"date":"2015-05-12T12:48:06","date_gmt":"2015-05-12T10:48:06","guid":{"rendered":"http:\/\/www.bcz.be\/?page_id=590"},"modified":"2017-09-07T11:10:18","modified_gmt":"2017-09-07T09:10:18","slug":"centre-dentreprises","status":"publish","type":"page","link":"https:\/\/www.bcz.be\/fr\/centre-dentreprises\/","title":{"rendered":"Centre d&rsquo;entreprises"},"content":{"rendered":"<div class=\"wpb-content-wrapper\"><p>[vc_row el_class=\u00a0\u00bbimage\u00a0\u00bb css=\u00a0\u00bb.vc_custom_1473672489107{background-image: url(https:\/\/www.bcz.be\/wp-content\/uploads\/2015\/03\/bedrijvencentrum-zennevallei-voorgevel.jpg?id=847) !important;}\u00a0\u00bb][vc_column][\/vc_column][\/vc_row][vc_row][vc_column offset=\u00a0\u00bbvc_col-md-offset-1 vc_col-md-10&Prime;][vc_column_text]<\/p>\n<h1 style=\"text-align: center;\">Une fa\u00e7on id\u00e9ale et intelligente de louer un espace de bureaux<\/h1>\n<p style=\"text-align: center;\">Les entrepreneurs d\u00e9butants ne manquent g\u00e9n\u00e9ralement pas de passion, d&rsquo;envie ni de pers\u00e9v\u00e9rance, mais pensent-ils toujours \u00e0 un emplacement ad\u00e9quat ?<\/p>\n<p>[\/vc_column_text][\/vc_column][\/vc_row][vc_row][vc_column width=\u00a0\u00bb1\/2&Prime;][vc_row_inner][vc_column_inner width=\u00a0\u00bb11\/12&Prime;][vc_column_text]<\/p>\n<h2>Professionnel<\/h2>\n<p style=\"text-align: justify;\">De nombreux entrepreneurs d\u00e9butants esquissent les premi\u00e8res \u00e9tapes de leur affaire sur un coin de table ou dans un garage. D&rsquo;autres louent d\u00e8s le d\u00e9but un bureau traditionnel qui rentre dans leur budget. De v\u00e9ritables concessions sont alors faites quant \u00e0\u00a0 l&#8217;emplacement, \u00e0 l&rsquo;aspect ou \u00e0 l&rsquo;\u00e9tat de l&rsquo;espace de travail. Un centre d&rsquo;entreprises leur offre la solution.<\/p>\n<p>[\/vc_column_text][\/vc_column_inner][\/vc_row_inner][\/vc_column][vc_column width=\u00a0\u00bb1\/2&Prime;][vc_row_inner][vc_column_inner width=\u00a0\u00bb11\/12&Prime; offset=\u00a0\u00bbvc_col-sm-offset-1&Prime;][vc_column_text]<\/p>\n<h2>Bureau am\u00e9nag\u00e9<\/h2>\n<p style=\"text-align: justify;\">Grace \u00e0 un centre d&rsquo;entreprises, vous disposez d&rsquo;un bureau am\u00e9nag\u00e9 dans lequel vous pouvez directement vous mettre au travail ! Outre un bureau individuel destin\u00e9 \u00e0 votre usage exclusif, vous travaillez ici dans un environnement dynamique, favorable aux entreprises et qui vous donne droit \u00e0 l&rsquo;utilisation d&rsquo;un certain nombre d&rsquo;espaces communs fonctionnels am\u00e9nag\u00e9s de facilit\u00e9s ad\u00e9quates.<\/p>\n<p>[\/vc_column_text][\/vc_column_inner][\/vc_row_inner][\/vc_column][\/vc_row][vc_row][vc_column][vc_separator][\/vc_column][\/vc_row][vc_row][vc_column][vc_column_text]<\/p>\n<h2 style=\"text-align: center;\">Au cours de l&rsquo;\u00e9volution d&rsquo;une soci\u00e9t\u00e9 d\u00e9butante vers une entreprise bien enracin\u00e9e,<br \/>\navec les d\u00e9fis structurels, organisationnels et financiers auxquels elle fait face,<br \/>\nune implantation dans une centre d&rsquo;entreprises est la solution id\u00e9ale.<\/h2>\n<p>[\/vc_column_text][\/vc_column][\/vc_row][vc_row][vc_column][vc_separator][\/vc_column][\/vc_row][vc_row][vc_column width=\u00a0\u00bb5\/12&Prime; offset=\u00a0\u00bbvc_col-sm-offset-1&Prime;][vc_column_text]Bedrijvencentrum Zennevallei NV Bergensesteenweg 709 1600 Sint-Pieters-Leeuw[\/vc_column_text][\/vc_column][vc_column width=\u00a0\u00bb5\/12&Prime;][vc_column_text]T\u00e9l: +32 (0)2 300 07 07 Email: <a href=\"m&#x61;i&#108;&#x74;o&#58;&#x69;n&#102;&#x6f;&#64;&#98;&#x63;z&#x2e;&#x62;e\">&#x69;&#x6e;&#x66;&#111;&#64;bc&#x7a;&#x2e;&#x62;&#x65;<\/a> <a href=\"https:\/\/www.facebook.com\/pages\/Bedrijvencentrum-Zennevallei-NV\/193479217365412\" target=\"_blank\" rel=\"noopener\">Facebook.com\/BedrijvencentrumZennevallei<\/a>[\/vc_column_text][\/vc_column][\/vc_row][vc_row][vc_column][vc_gmaps link=\u00a0\u00bb#E-8_JTNDaWZyYW1lJTIwc3JjJTNEJTIyaHR0cHMlM0ElMkYlMkZ3d3cuZ29vZ2xlLmNvbSUyRm1hcHMlMkZlbWJlZCUzRnBiJTNEJTIxMW0xNCUyMTFtOCUyMTFtMyUyMTFkMTYxNTA0Ljk1MDExNzYwNzIyJTIxMmQ0LjI1Mzc5NSUyMTNkNTAuNzY2MDI4OTk5OTk5OTk2JTIxM20yJTIxMWkxMDI0JTIxMmk3NjglMjE0ZjEzLjElMjEzbTMlMjExbTIlMjExczB4NDdjM2M4ODIzNzQ0ZDU0ZiUyNTNBMHhjNzdjOTBkNzhiZWQzMzc2JTIxMnNCZWRyaWp2ZW5jZW50cnVtJTJCWmVubmV2YWxsZWklMjE1ZTAlMjEzbTIlMjExc25sJTIxMnNiZSUyMTR2MTQyOTYxNTIxOTc4OCUyMiUyMHdpZHRoJTNEJTIyNjAwJTIyJTIwaGVpZ2h0JTNEJTIyNDUwJTIyJTIwZnJhbWVib3JkZXIlM0QlMjIwJTIyJTIwc3R5bGUlM0QlMjJib3JkZXIlM0EwJTIyJTNFJTNDJTJGaWZyYW1lJTNF\u00a0\u00bb][\/vc_column][\/vc_row][vc_row][vc_column width=\u00a0\u00bb1\/3&Prime;][vc_single_image image=\u00a0\u00bb883&Prime; alignment=\u00a0\u00bbcenter\u00a0\u00bb style=\u00a0\u00bbvc_box_border_grey vc_box_border_circle_2&Prime; onclick=\u00a0\u00bblink_image\u00a0\u00bb][\/vc_column][vc_column width=\u00a0\u00bb1\/3&Prime;][vc_single_image image=\u00a0\u00bb880&Prime; alignment=\u00a0\u00bbcenter\u00a0\u00bb style=\u00a0\u00bbvc_box_border_grey vc_box_border_circle_2&Prime; onclick=\u00a0\u00bblink_image\u00a0\u00bb][\/vc_column][vc_column width=\u00a0\u00bb1\/3&Prime;][vc_single_image image=\u00a0\u00bb881&Prime; alignment=\u00a0\u00bbcenter\u00a0\u00bb style=\u00a0\u00bbvc_box_border_grey vc_box_border_circle_2&Prime; onclick=\u00a0\u00bblink_image\u00a0\u00bb][\/vc_column][\/vc_row]<\/p>\n<\/div>","protected":false},"excerpt":{"rendered":"<p>[vc_row el_class=\u00a0\u00bbimage\u00a0\u00bb css=\u00a0\u00bb.vc_custom_1473672489107{background-image: url(https:\/\/www.bcz.be\/wp-content\/uploads\/2015\/03\/bedrijvencentrum-zennevallei-voorgevel.jpg?id=847) !important;}\u00a0\u00bb][vc_column][\/vc_column][\/vc_row][vc_row][vc_column offset=\u00a0\u00bbvc_col-md-offset-1 vc_col-md-10&Prime;][vc_column_text] Une fa\u00e7on id\u00e9ale et intelligente de louer un espace de bureaux Les entrepreneurs d\u00e9butants ne manquent g\u00e9n\u00e9ralement pas de passion, d&rsquo;envie ni de pers\u00e9v\u00e9rance, mais pensent-ils toujours \u00e0 un emplacement ad\u00e9quat ? [\/vc_column_text][\/vc_column][\/vc_row][vc_row][vc_column width=\u00a0\u00bb1\/2&Prime;][vc_row_inner][vc_column_inner width=\u00a0\u00bb11\/12&Prime;][vc_column_text] Professionnel De nombreux entrepreneurs d\u00e9butants esquissent les premi\u00e8res \u00e9tapes de leur affaire sur &hellip; <a href=\"https:\/\/www.bcz.be\/fr\/centre-dentreprises\/\" class=\"more-link\">Plus d&rsquo;info <span class=\"screen-reader-text\">Centre d&rsquo;entreprises<\/span><\/a><\/p>\n","protected":false},"author":1,"featured_media":0,"parent":0,"menu_order":0,"comment_status":"closed","ping_status":"closed","template":"","meta":{"footnotes":""},"class_list":["post-590","page","type-page","status-publish","hentry"],"yoast_head":"<!-- This site is optimized with the Yoast SEO plugin v26.9 - https:\/\/yoast.com\/product\/yoast-seo-wordpress\/ -->\n<title>Centre d&#039;entreprises - Centre d&#039;entreprises Zennevallei<\/title>\n<meta name=\"robots\" content=\"index, follow, max-snippet:-1, max-image-preview:large, max-video-preview:-1\" \/>\n<link rel=\"canonical\" href=\"https:\/\/www.bcz.be\/fr\/centre-dentreprises\/\" \/>\n<meta property=\"og:locale\" content=\"fr_FR\" \/>\n<meta property=\"og:type\" content=\"article\" \/>\n<meta property=\"og:title\" content=\"Centre d&#039;entreprises - Centre d&#039;entreprises Zennevallei\" \/>\n<meta property=\"og:description\" content=\"[vc_row el_class=\u00a0\u00bbimage\u00a0\u00bb css=\u00a0\u00bb.vc_custom_1473672489107{background-image: url(https:\/\/www.bcz.be\/wp-content\/uploads\/2015\/03\/bedrijvencentrum-zennevallei-voorgevel.jpg?id=847) !important;}\u00a0\u00bb][vc_column][\/vc_column][\/vc_row][vc_row][vc_column offset=\u00a0\u00bbvc_col-md-offset-1 vc_col-md-10&Prime;][vc_column_text] Une fa\u00e7on id\u00e9ale et intelligente de louer un espace de bureaux Les entrepreneurs d\u00e9butants ne manquent g\u00e9n\u00e9ralement pas de passion, d&rsquo;envie ni de pers\u00e9v\u00e9rance, mais pensent-ils toujours \u00e0 un emplacement ad\u00e9quat ? [\/vc_column_text][\/vc_column][\/vc_row][vc_row][vc_column width=\u00a0\u00bb1\/2&Prime;][vc_row_inner][vc_column_inner width=\u00a0\u00bb11\/12&Prime;][vc_column_text] Professionnel De nombreux entrepreneurs d\u00e9butants esquissent les premi\u00e8res \u00e9tapes de leur affaire sur &hellip; Plus d&#039;info Centre d&rsquo;entreprises\" \/>\n<meta property=\"og:url\" content=\"https:\/\/www.bcz.be\/fr\/centre-dentreprises\/\" \/>\n<meta property=\"og:site_name\" content=\"Centre d&#039;entreprises Zennevallei\" \/>\n<meta property=\"article:modified_time\" content=\"2017-09-07T09:10:18+00:00\" \/>\n<meta name=\"twitter:label1\" content=\"Dur\u00e9e de lecture estim\u00e9e\" \/>\n\t<meta name=\"twitter:data1\" content=\"3 minutes\" \/>\n<script type=\"application\/ld+json\" class=\"yoast-schema-graph\">{\"@context\":\"https:\/\/schema.org\",\"@graph\":[{\"@type\":\"WebPage\",\"@id\":\"https:\/\/www.bcz.be\/fr\/centre-dentreprises\/\",\"url\":\"https:\/\/www.bcz.be\/fr\/centre-dentreprises\/\",\"name\":\"Centre d'entreprises - Centre d'entreprises Zennevallei\",\"isPartOf\":{\"@id\":\"https:\/\/www.bcz.be\/#website\"},\"datePublished\":\"2015-05-12T10:48:06+00:00\",\"dateModified\":\"2017-09-07T09:10:18+00:00\",\"breadcrumb\":{\"@id\":\"https:\/\/www.bcz.be\/fr\/centre-dentreprises\/#breadcrumb\"},\"inLanguage\":\"fr-FR\",\"potentialAction\":[{\"@type\":\"ReadAction\",\"target\":[\"https:\/\/www.bcz.be\/fr\/centre-dentreprises\/\"]}]},{\"@type\":\"BreadcrumbList\",\"@id\":\"https:\/\/www.bcz.be\/fr\/centre-dentreprises\/#breadcrumb\",\"itemListElement\":[{\"@type\":\"ListItem\",\"position\":1,\"name\":\"Home\",\"item\":\"https:\/\/www.bcz.be\/fr\/\"},{\"@type\":\"ListItem\",\"position\":2,\"name\":\"Centre d&rsquo;entreprises\"}]},{\"@type\":\"WebSite\",\"@id\":\"https:\/\/www.bcz.be\/#website\",\"url\":\"https:\/\/www.bcz.be\/\",\"name\":\"Centre d'entreprises Zennevallei\",\"description\":\"meer dan een gebouw alleen\",\"potentialAction\":[{\"@type\":\"SearchAction\",\"target\":{\"@type\":\"EntryPoint\",\"urlTemplate\":\"https:\/\/www.bcz.be\/?s={search_term_string}\"},\"query-input\":{\"@type\":\"PropertyValueSpecification\",\"valueRequired\":true,\"valueName\":\"search_term_string\"}}],\"inLanguage\":\"fr-FR\"}]}<\/script>\n<!-- \/ Yoast SEO plugin. -->","yoast_head_json":{"title":"Centre d'entreprises - Centre d'entreprises Zennevallei","robots":{"index":"index","follow":"follow","max-snippet":"max-snippet:-1","max-image-preview":"max-image-preview:large","max-video-preview":"max-video-preview:-1"},"canonical":"https:\/\/www.bcz.be\/fr\/centre-dentreprises\/","og_locale":"fr_FR","og_type":"article","og_title":"Centre d'entreprises - Centre d'entreprises Zennevallei","og_description":"[vc_row el_class=\u00a0\u00bbimage\u00a0\u00bb css=\u00a0\u00bb.vc_custom_1473672489107{background-image: url(https:\/\/www.bcz.be\/wp-content\/uploads\/2015\/03\/bedrijvencentrum-zennevallei-voorgevel.jpg?id=847) !important;}\u00a0\u00bb][vc_column][\/vc_column][\/vc_row][vc_row][vc_column offset=\u00a0\u00bbvc_col-md-offset-1 vc_col-md-10&Prime;][vc_column_text] Une fa\u00e7on id\u00e9ale et intelligente de louer un espace de bureaux Les entrepreneurs d\u00e9butants ne manquent g\u00e9n\u00e9ralement pas de passion, d&rsquo;envie ni de pers\u00e9v\u00e9rance, mais pensent-ils toujours \u00e0 un emplacement ad\u00e9quat ? [\/vc_column_text][\/vc_column][\/vc_row][vc_row][vc_column width=\u00a0\u00bb1\/2&Prime;][vc_row_inner][vc_column_inner width=\u00a0\u00bb11\/12&Prime;][vc_column_text] Professionnel De nombreux entrepreneurs d\u00e9butants esquissent les premi\u00e8res \u00e9tapes de leur affaire sur &hellip; Plus d'info Centre d&rsquo;entreprises","og_url":"https:\/\/www.bcz.be\/fr\/centre-dentreprises\/","og_site_name":"Centre d'entreprises Zennevallei","article_modified_time":"2017-09-07T09:10:18+00:00","twitter_misc":{"Dur\u00e9e de lecture estim\u00e9e":"3 minutes"},"schema":{"@context":"https:\/\/schema.org","@graph":[{"@type":"WebPage","@id":"https:\/\/www.bcz.be\/fr\/centre-dentreprises\/","url":"https:\/\/www.bcz.be\/fr\/centre-dentreprises\/","name":"Centre d'entreprises - Centre d'entreprises Zennevallei","isPartOf":{"@id":"https:\/\/www.bcz.be\/#website"},"datePublished":"2015-05-12T10:48:06+00:00","dateModified":"2017-09-07T09:10:18+00:00","breadcrumb":{"@id":"https:\/\/www.bcz.be\/fr\/centre-dentreprises\/#breadcrumb"},"inLanguage":"fr-FR","potentialAction":[{"@type":"ReadAction","target":["https:\/\/www.bcz.be\/fr\/centre-dentreprises\/"]}]},{"@type":"BreadcrumbList","@id":"https:\/\/www.bcz.be\/fr\/centre-dentreprises\/#breadcrumb","itemListElement":[{"@type":"ListItem","position":1,"name":"Home","item":"https:\/\/www.bcz.be\/fr\/"},{"@type":"ListItem","position":2,"name":"Centre d&rsquo;entreprises"}]},{"@type":"WebSite","@id":"https:\/\/www.bcz.be\/#website","url":"https:\/\/www.bcz.be\/","name":"Centre d'entreprises Zennevallei","description":"meer dan een gebouw alleen","potentialAction":[{"@type":"SearchAction","target":{"@type":"EntryPoint","urlTemplate":"https:\/\/www.bcz.be\/?s={search_term_string}"},"query-input":{"@type":"PropertyValueSpecification","valueRequired":true,"valueName":"search_term_string"}}],"inLanguage":"fr-FR"}]}},"_links":{"self":[{"href":"https:\/\/www.bcz.be\/fr\/wp-json\/wp\/v2\/pages\/590","targetHints":{"allow":["GET"]}}],"collection":[{"href":"https:\/\/www.bcz.be\/fr\/wp-json\/wp\/v2\/pages"}],"about":[{"href":"https:\/\/www.bcz.be\/fr\/wp-json\/wp\/v2\/types\/page"}],"author":[{"embeddable":true,"href":"https:\/\/www.bcz.be\/fr\/wp-json\/wp\/v2\/users\/1"}],"replies":[{"embeddable":true,"href":"https:\/\/www.bcz.be\/fr\/wp-json\/wp\/v2\/comments?post=590"}],"version-history":[{"count":9,"href":"https:\/\/www.bcz.be\/fr\/wp-json\/wp\/v2\/pages\/590\/revisions"}],"predecessor-version":[{"id":904,"href":"https:\/\/www.bcz.be\/fr\/wp-json\/wp\/v2\/pages\/590\/revisions\/904"}],"wp:attachment":[{"href":"https:\/\/www.bcz.be\/fr\/wp-json\/wp\/v2\/media?parent=590"}],"curies":[{"name":"wp","href":"https:\/\/api.w.org\/{rel}","templated":true}]}}