{"id":595,"date":"2015-06-18T11:13:59","date_gmt":"2015-06-18T09:13:59","guid":{"rendered":"http:\/\/www.bcz.be\/?page_id=595"},"modified":"2017-09-07T11:11:12","modified_gmt":"2017-09-07T09:11:12","slug":"disponibilite","status":"publish","type":"page","link":"https:\/\/www.bcz.be\/fr\/disponibilite\/","title":{"rendered":"Disponibilit\u00e9"},"content":{"rendered":"<div class=\"wpb-content-wrapper\"><p>[vc_row el_class=\u00a0\u00bbimage\u00a0\u00bb css=\u00a0\u00bb.vc_custom_1473672506532{background-image: url(https:\/\/www.bcz.be\/wp-content\/uploads\/2015\/03\/bedrijvencentrum-zennevallei-voorgevel.jpg?id=847) !important;}\u00a0\u00bb][vc_column][\/vc_column][\/vc_row][vc_row][vc_column][vc_column_text]<\/p>\n<h1 style=\"text-align: center;\">Espaces disponibles<\/h1>\n<p>[\/vc_column_text][\/vc_column][\/vc_row][vc_row][vc_column width=\u00a0\u00bb2\/3&Prime; offset=\u00a0\u00bbvc_col-sm-offset-2&Prime;][vc_column_text]<\/p>\n<p style=\"text-align: center;\">Un bureau am\u00e9nag\u00e9 ou un espace dans lequel vous pouvez imm\u00e9diatement commencer \u00e0 travailler. Dans notre centre d&rsquo;entreprises, les espaces suivants sont disponibles imm\u00e9diatement<\/p>\n<p>[\/vc_column_text][vc_btn title=\u00a0\u00bbDemandez un devis maintenant\u00a0\u00bb color=\u00a0\u00bbgreen\u00a0\u00bb align=\u00a0\u00bbcenter\u00a0\u00bb link=\u00a0\u00bburl:%23colophon|title:Vraag%20direct%20een%20offerte|\u00a0\u00bb][\/vc_column][\/vc_row][vc_row el_class=\u00a0\u00bbwhite full\u00a0\u00bb][vc_column][vc_separator][\/vc_column][\/vc_row][vc_row][vc_column][vc_column_text]<\/p>\n<h2 style=\"text-align: center;\">Bureaux<\/h2>\n<p>[\/vc_column_text][\/vc_column][vc_column width=\u00a0\u00bb2\/3&Prime; offset=\u00a0\u00bbvc_col-sm-offset-2&Prime;][vc_column_text]<\/p>\n<p style=\"text-align: center;\">Un espace de bureaux dans notre centre d&rsquo;entreprises est plus qu&rsquo;un simple bureau. En savoir plus sur les avantages offerts pas nos <span style=\"text-decoration: underline;\">espaces de bureaux<\/span>.<\/p>\n<p>[\/vc_column_text][\/vc_column][\/vc_row][vc_row][vc_column width=\u00a0\u00bb1\/3&Prime;][vc_column_text]<strong>Disponibilit\u00e9 au rez-de-chauss\u00e9e<\/strong><\/p>\n<ul>\n<li>1 x 47m\u00b2<\/li>\n<li>1 x 24m\u00b2<\/li>\n<li>1 x 23m\u00b2<\/li>\n<\/ul>\n<p><strong>Disponibilit\u00e9 \u00e0 l&rsquo;\u00e9tage<\/strong><\/p>\n<ul>\n<li>2\u00a0x\u00a017m\u00b2<\/li>\n<li>3 x 23m\u00b2<\/li>\n<\/ul>\n<p>[\/vc_column_text][\/vc_column][vc_column width=\u00a0\u00bb1\/3&Prime;][vc_single_image image=\u00a0\u00bb887&Prime; alignment=\u00a0\u00bbcenter\u00a0\u00bb style=\u00a0\u00bbvc_box_border_grey vc_box_border_circle_2&Prime; onclick=\u00a0\u00bblink_image\u00a0\u00bb border_color=\u00a0\u00bbgrey\u00a0\u00bb][\/vc_column][vc_column width=\u00a0\u00bb1\/3&Prime;][vc_single_image image=\u00a0\u00bb198&Prime; alignment=\u00a0\u00bbcenter\u00a0\u00bb style=\u00a0\u00bbvc_box_border_grey vc_box_border_circle_2&Prime; onclick=\u00a0\u00bblink_image\u00a0\u00bb][\/vc_column][\/vc_row][vc_row el_class=\u00a0\u00bbwhite full\u00a0\u00bb][vc_column][vc_separator][\/vc_column][\/vc_row][vc_row][vc_column][vc_column_text]<\/p>\n<h2 style=\"text-align: center;\">Espace d&rsquo;entrep\u00f4ts<\/h2>\n<p>[\/vc_column_text][\/vc_column][vc_column width=\u00a0\u00bb2\/3&Prime; offset=\u00a0\u00bbvc_col-sm-offset-2&Prime;][vc_column_text]<\/p>\n<p style=\"text-align: center;\">Un espace d&rsquo;entrep\u00f4ts dans notre centre d&rsquo;entreprises est plus q&rsquo;un simple entrepots. En savoir plus sur les avantages offerts pas nos <span style=\"text-decoration: underline;\">espaces d&rsquo;entrep\u00f4ts<\/span>.<\/p>\n<p>[\/vc_column_text][\/vc_column][\/vc_row][vc_row][vc_column width=\u00a0\u00bb1\/3&Prime;][vc_column_text]<strong>Disponibilit\u00e9 au rez-de-chauss\u00e9e<\/strong><\/p>\n<ul>\n<li>1 x 20m\u00b2 sans quai de chargement<\/li>\n<\/ul>\n<p>[\/vc_column_text][\/vc_column][vc_column width=\u00a0\u00bb1\/3&Prime;][vc_single_image image=\u00a0\u00bb206&Prime; alignment=\u00a0\u00bbcenter\u00a0\u00bb style=\u00a0\u00bbvc_box_border_grey vc_box_border_circle_2&Prime; onclick=\u00a0\u00bblink_image\u00a0\u00bb border_color=\u00a0\u00bbgrey\u00a0\u00bb][\/vc_column][vc_column width=\u00a0\u00bb1\/3&Prime;][vc_single_image image=\u00a0\u00bb204&Prime; alignment=\u00a0\u00bbcenter\u00a0\u00bb style=\u00a0\u00bbvc_box_border_grey vc_box_border_circle_2&Prime; onclick=\u00a0\u00bblink_image\u00a0\u00bb][\/vc_column][\/vc_row]<\/p>\n<\/div>","protected":false},"excerpt":{"rendered":"<p>[vc_row el_class=\u00a0\u00bbimage\u00a0\u00bb css=\u00a0\u00bb.vc_custom_1473672506532{background-image: url(https:\/\/www.bcz.be\/wp-content\/uploads\/2015\/03\/bedrijvencentrum-zennevallei-voorgevel.jpg?id=847) !important;}\u00a0\u00bb][vc_column][\/vc_column][\/vc_row][vc_row][vc_column][vc_column_text] Espaces disponibles [\/vc_column_text][\/vc_column][\/vc_row][vc_row][vc_column width=\u00a0\u00bb2\/3&Prime; offset=\u00a0\u00bbvc_col-sm-offset-2&Prime;][vc_column_text] Un bureau am\u00e9nag\u00e9 ou un espace dans lequel vous pouvez imm\u00e9diatement commencer \u00e0 travailler. Dans notre centre d&rsquo;entreprises, les espaces suivants sont disponibles imm\u00e9diatement [\/vc_column_text][vc_btn title=\u00a0\u00bbDemandez un devis maintenant\u00a0\u00bb color=\u00a0\u00bbgreen\u00a0\u00bb align=\u00a0\u00bbcenter\u00a0\u00bb link=\u00a0\u00bburl:%23colophon|title:Vraag%20direct%20een%20offerte|\u00a0\u00bb][\/vc_column][\/vc_row][vc_row el_class=\u00a0\u00bbwhite full\u00a0\u00bb][vc_column][vc_separator][\/vc_column][\/vc_row][vc_row][vc_column][vc_column_text] Bureaux [\/vc_column_text][\/vc_column][vc_column width=\u00a0\u00bb2\/3&Prime; offset=\u00a0\u00bbvc_col-sm-offset-2&Prime;][vc_column_text] Un espace de bureaux dans notre centre &hellip; <a href=\"https:\/\/www.bcz.be\/fr\/disponibilite\/\" class=\"more-link\">Plus d&rsquo;info <span class=\"screen-reader-text\">Disponibilit\u00e9<\/span><\/a><\/p>\n","protected":false},"author":1,"featured_media":0,"parent":0,"menu_order":0,"comment_status":"closed","ping_status":"open","template":"","meta":{"footnotes":""},"class_list":["post-595","page","type-page","status-publish","hentry"],"yoast_head":"<!-- This site is optimized with the Yoast SEO plugin v26.9 - https:\/\/yoast.com\/product\/yoast-seo-wordpress\/ -->\n<title>Disponibilit\u00e9 - Centre d&#039;entreprises Zennevallei<\/title>\n<meta name=\"robots\" content=\"index, follow, max-snippet:-1, max-image-preview:large, max-video-preview:-1\" \/>\n<link rel=\"canonical\" href=\"https:\/\/www.bcz.be\/fr\/disponibilite\/\" \/>\n<meta property=\"og:locale\" content=\"fr_FR\" \/>\n<meta property=\"og:type\" content=\"article\" \/>\n<meta property=\"og:title\" content=\"Disponibilit\u00e9 - Centre d&#039;entreprises Zennevallei\" \/>\n<meta property=\"og:description\" content=\"[vc_row el_class=\u00a0\u00bbimage\u00a0\u00bb css=\u00a0\u00bb.vc_custom_1473672506532{background-image: url(https:\/\/www.bcz.be\/wp-content\/uploads\/2015\/03\/bedrijvencentrum-zennevallei-voorgevel.jpg?id=847) !important;}\u00a0\u00bb][vc_column][\/vc_column][\/vc_row][vc_row][vc_column][vc_column_text] Espaces disponibles [\/vc_column_text][\/vc_column][\/vc_row][vc_row][vc_column width=\u00a0\u00bb2\/3&Prime; offset=\u00a0\u00bbvc_col-sm-offset-2&Prime;][vc_column_text] Un bureau am\u00e9nag\u00e9 ou un espace dans lequel vous pouvez imm\u00e9diatement commencer \u00e0 travailler. Dans notre centre d&rsquo;entreprises, les espaces suivants sont disponibles imm\u00e9diatement [\/vc_column_text][vc_btn title=\u00a0\u00bbDemandez un devis maintenant\u00a0\u00bb color=\u00a0\u00bbgreen\u00a0\u00bb align=\u00a0\u00bbcenter\u00a0\u00bb link=\u00a0\u00bburl:%23colophon|title:Vraag%20direct%20een%20offerte|\u00a0\u00bb][\/vc_column][\/vc_row][vc_row el_class=\u00a0\u00bbwhite full\u00a0\u00bb][vc_column][vc_separator][\/vc_column][\/vc_row][vc_row][vc_column][vc_column_text] Bureaux [\/vc_column_text][\/vc_column][vc_column width=\u00a0\u00bb2\/3&Prime; offset=\u00a0\u00bbvc_col-sm-offset-2&Prime;][vc_column_text] Un espace de bureaux dans notre centre &hellip; Plus d&#039;info Disponibilit\u00e9\" \/>\n<meta property=\"og:url\" content=\"https:\/\/www.bcz.be\/fr\/disponibilite\/\" \/>\n<meta property=\"og:site_name\" content=\"Centre d&#039;entreprises Zennevallei\" \/>\n<meta property=\"article:modified_time\" content=\"2017-09-07T09:11:12+00:00\" \/>\n<meta name=\"twitter:label1\" content=\"Dur\u00e9e de lecture estim\u00e9e\" \/>\n\t<meta name=\"twitter:data1\" content=\"2 minutes\" \/>\n<script type=\"application\/ld+json\" class=\"yoast-schema-graph\">{\"@context\":\"https:\/\/schema.org\",\"@graph\":[{\"@type\":\"WebPage\",\"@id\":\"https:\/\/www.bcz.be\/fr\/disponibilite\/\",\"url\":\"https:\/\/www.bcz.be\/fr\/disponibilite\/\",\"name\":\"Disponibilit\u00e9 - Centre d'entreprises Zennevallei\",\"isPartOf\":{\"@id\":\"https:\/\/www.bcz.be\/#website\"},\"datePublished\":\"2015-06-18T09:13:59+00:00\",\"dateModified\":\"2017-09-07T09:11:12+00:00\",\"breadcrumb\":{\"@id\":\"https:\/\/www.bcz.be\/fr\/disponibilite\/#breadcrumb\"},\"inLanguage\":\"fr-FR\",\"potentialAction\":[{\"@type\":\"ReadAction\",\"target\":[\"https:\/\/www.bcz.be\/fr\/disponibilite\/\"]}]},{\"@type\":\"BreadcrumbList\",\"@id\":\"https:\/\/www.bcz.be\/fr\/disponibilite\/#breadcrumb\",\"itemListElement\":[{\"@type\":\"ListItem\",\"position\":1,\"name\":\"Home\",\"item\":\"https:\/\/www.bcz.be\/fr\/\"},{\"@type\":\"ListItem\",\"position\":2,\"name\":\"Disponibilit\u00e9\"}]},{\"@type\":\"WebSite\",\"@id\":\"https:\/\/www.bcz.be\/#website\",\"url\":\"https:\/\/www.bcz.be\/\",\"name\":\"Centre d'entreprises Zennevallei\",\"description\":\"meer dan een gebouw alleen\",\"potentialAction\":[{\"@type\":\"SearchAction\",\"target\":{\"@type\":\"EntryPoint\",\"urlTemplate\":\"https:\/\/www.bcz.be\/?s={search_term_string}\"},\"query-input\":{\"@type\":\"PropertyValueSpecification\",\"valueRequired\":true,\"valueName\":\"search_term_string\"}}],\"inLanguage\":\"fr-FR\"}]}<\/script>\n<!-- \/ Yoast SEO plugin. -->","yoast_head_json":{"title":"Disponibilit\u00e9 - Centre d'entreprises Zennevallei","robots":{"index":"index","follow":"follow","max-snippet":"max-snippet:-1","max-image-preview":"max-image-preview:large","max-video-preview":"max-video-preview:-1"},"canonical":"https:\/\/www.bcz.be\/fr\/disponibilite\/","og_locale":"fr_FR","og_type":"article","og_title":"Disponibilit\u00e9 - Centre d'entreprises Zennevallei","og_description":"[vc_row el_class=\u00a0\u00bbimage\u00a0\u00bb css=\u00a0\u00bb.vc_custom_1473672506532{background-image: url(https:\/\/www.bcz.be\/wp-content\/uploads\/2015\/03\/bedrijvencentrum-zennevallei-voorgevel.jpg?id=847) !important;}\u00a0\u00bb][vc_column][\/vc_column][\/vc_row][vc_row][vc_column][vc_column_text] Espaces disponibles [\/vc_column_text][\/vc_column][\/vc_row][vc_row][vc_column width=\u00a0\u00bb2\/3&Prime; offset=\u00a0\u00bbvc_col-sm-offset-2&Prime;][vc_column_text] Un bureau am\u00e9nag\u00e9 ou un espace dans lequel vous pouvez imm\u00e9diatement commencer \u00e0 travailler. Dans notre centre d&rsquo;entreprises, les espaces suivants sont disponibles imm\u00e9diatement [\/vc_column_text][vc_btn title=\u00a0\u00bbDemandez un devis maintenant\u00a0\u00bb color=\u00a0\u00bbgreen\u00a0\u00bb align=\u00a0\u00bbcenter\u00a0\u00bb link=\u00a0\u00bburl:%23colophon|title:Vraag%20direct%20een%20offerte|\u00a0\u00bb][\/vc_column][\/vc_row][vc_row el_class=\u00a0\u00bbwhite full\u00a0\u00bb][vc_column][vc_separator][\/vc_column][\/vc_row][vc_row][vc_column][vc_column_text] Bureaux [\/vc_column_text][\/vc_column][vc_column width=\u00a0\u00bb2\/3&Prime; offset=\u00a0\u00bbvc_col-sm-offset-2&Prime;][vc_column_text] Un espace de bureaux dans notre centre &hellip; Plus d'info Disponibilit\u00e9","og_url":"https:\/\/www.bcz.be\/fr\/disponibilite\/","og_site_name":"Centre d'entreprises Zennevallei","article_modified_time":"2017-09-07T09:11:12+00:00","twitter_misc":{"Dur\u00e9e de lecture estim\u00e9e":"2 minutes"},"schema":{"@context":"https:\/\/schema.org","@graph":[{"@type":"WebPage","@id":"https:\/\/www.bcz.be\/fr\/disponibilite\/","url":"https:\/\/www.bcz.be\/fr\/disponibilite\/","name":"Disponibilit\u00e9 - Centre d'entreprises Zennevallei","isPartOf":{"@id":"https:\/\/www.bcz.be\/#website"},"datePublished":"2015-06-18T09:13:59+00:00","dateModified":"2017-09-07T09:11:12+00:00","breadcrumb":{"@id":"https:\/\/www.bcz.be\/fr\/disponibilite\/#breadcrumb"},"inLanguage":"fr-FR","potentialAction":[{"@type":"ReadAction","target":["https:\/\/www.bcz.be\/fr\/disponibilite\/"]}]},{"@type":"BreadcrumbList","@id":"https:\/\/www.bcz.be\/fr\/disponibilite\/#breadcrumb","itemListElement":[{"@type":"ListItem","position":1,"name":"Home","item":"https:\/\/www.bcz.be\/fr\/"},{"@type":"ListItem","position":2,"name":"Disponibilit\u00e9"}]},{"@type":"WebSite","@id":"https:\/\/www.bcz.be\/#website","url":"https:\/\/www.bcz.be\/","name":"Centre d'entreprises Zennevallei","description":"meer dan een gebouw alleen","potentialAction":[{"@type":"SearchAction","target":{"@type":"EntryPoint","urlTemplate":"https:\/\/www.bcz.be\/?s={search_term_string}"},"query-input":{"@type":"PropertyValueSpecification","valueRequired":true,"valueName":"search_term_string"}}],"inLanguage":"fr-FR"}]}},"_links":{"self":[{"href":"https:\/\/www.bcz.be\/fr\/wp-json\/wp\/v2\/pages\/595","targetHints":{"allow":["GET"]}}],"collection":[{"href":"https:\/\/www.bcz.be\/fr\/wp-json\/wp\/v2\/pages"}],"about":[{"href":"https:\/\/www.bcz.be\/fr\/wp-json\/wp\/v2\/types\/page"}],"author":[{"embeddable":true,"href":"https:\/\/www.bcz.be\/fr\/wp-json\/wp\/v2\/users\/1"}],"replies":[{"embeddable":true,"href":"https:\/\/www.bcz.be\/fr\/wp-json\/wp\/v2\/comments?post=595"}],"version-history":[{"count":13,"href":"https:\/\/www.bcz.be\/fr\/wp-json\/wp\/v2\/pages\/595\/revisions"}],"predecessor-version":[{"id":905,"href":"https:\/\/www.bcz.be\/fr\/wp-json\/wp\/v2\/pages\/595\/revisions\/905"}],"wp:attachment":[{"href":"https:\/\/www.bcz.be\/fr\/wp-json\/wp\/v2\/media?parent=595"}],"curies":[{"name":"wp","href":"https:\/\/api.w.org\/{rel}","templated":true}]}}