{"id":603,"date":"2015-05-12T12:50:03","date_gmt":"2015-05-12T10:50:03","guid":{"rendered":"http:\/\/www.bcz.be\/?page_id=603"},"modified":"2022-02-28T09:31:06","modified_gmt":"2022-02-28T08:31:06","slug":"bureaux","status":"publish","type":"page","link":"https:\/\/www.bcz.be\/fr\/bureaux\/","title":{"rendered":"Bureaux"},"content":{"rendered":"<div class=\"wpb-content-wrapper\"><p>[vc_row el_class=\u00a0\u00bbimage\u00a0\u00bb css=\u00a0\u00bb.vc_custom_1646037053551{background-image: url(https:\/\/www.bcz.be\/wp-content\/uploads\/2015\/03\/bedrijvencentrum-zennevallei-voorgevel.jpg?id=1102) !important;}\u00a0\u00bb][vc_column][\/vc_column][\/vc_row][vc_row][vc_column][vc_column_text]<\/p>\n<h1 style=\"text-align: center;\">Un espace pour entreprendre,<\/h1>\n<h3 style=\"text-align: center;\">adapt\u00e9 \u00e0 l&rsquo;entrepreneur<\/h3>\n<p>[\/vc_column_text][\/vc_column][vc_column width=\u00a0\u00bb2\/3&Prime; offset=\u00a0\u00bbvc_col-sm-offset-2&Prime;][vc_empty_space][vc_column_text]<\/p>\n<p style=\"text-align: center;\">Dans notre Centre d&rsquo;entreprises vous disposez imm\u00e9diatement d&rsquo;un bureau am\u00e9nag\u00e9, dans lequel vous pouvez imm\u00e9diatement commencer \u00e0 travailler. Vous profitez d&rsquo;un espace individuel dans un environnement dynamique et convivial offrant de nombreuses facilit\u00e9s.<\/p>\n<p>[\/vc_column_text][vc_btn title=\u00a0\u00bbDemandez un devis\u00a0\u00bb color=\u00a0\u00bbgreen\u00a0\u00bb align=\u00a0\u00bbcenter\u00a0\u00bb link=\u00a0\u00bburl:%23colophon|title:Vraag%20offerte|\u00a0\u00bb][\/vc_column][\/vc_row][vc_row][vc_column][vc_separator][\/vc_column][\/vc_row][vc_row][vc_column][vc_column_text]<\/p>\n<h2>Nos b\u00e2timents<\/h2>\n<p>[\/vc_column_text][vc_empty_space height=\u00a0\u00bb0px\u00a0\u00bb][\/vc_column][vc_column width=\u00a0\u00bb5\/12&Prime;][vc_column_text]<\/p>\n<p style=\"text-align: justify;\"><span class=\"hps atn\">Les locaux du Centre d&rsquo;Entreprises<\/span> <span class=\"hps\">Zennevallei<\/span> <span class=\"hps\">sont r\u00e9partis sur deux<\/span> <span class=\"hps\">b\u00e2timents<\/span>. <span class=\"hps\">Les deux b\u00e2timents<\/span> <span class=\"hps\">se composent chacun de 2<\/span> <span class=\"hps\">\u00e9tages et offrent<\/span> <span class=\"hps\">1000<\/span> <span class=\"hps\">m\u00b2 de surface <\/span><span class=\"hps\">de bureaux<\/span>.<\/p>\n<p>[\/vc_column_text][\/vc_column][vc_column width=\u00a0\u00bb1\/2&Prime; offset=\u00a0\u00bbvc_col-sm-offset-1&Prime;][vc_column_text]<\/p>\n<ul>\n<li><strong>572m\u00b2<\/strong> d&rsquo;espace de bureaux divis\u00e9 en <strong>25 locaux<\/strong> (de 17m\u00b2\u00a0\u00e0 47m\u00b2)<\/li>\n<li><strong>404m\u00b2<\/strong> d&rsquo;espace de bureaux divis\u00e9 en <strong>8 locaux<\/strong> (de 50m\u00b2 \u00e0 51m\u00b2)<\/li>\n<\/ul>\n<p>[\/vc_column_text][\/vc_column][\/vc_row][vc_row][vc_column width=\u00a0\u00bb1\/3&Prime;][vc_column_text]<\/p>\n<ul>\n<li>accessible 7 jours sur 7, 24 heures sur 24 via syst\u00e8me de badge<\/li>\n<\/ul>\n<p>[\/vc_column_text][\/vc_column][vc_column width=\u00a0\u00bb1\/3&Prime;][vc_column_text]<\/p>\n<ul>\n<li>\u00e9quip\u00e9 d&rsquo;un syst\u00e8me d&rsquo;\u00e9clairage et de chauffage, d&rsquo;un c\u00e2blage de r\u00e9seau int\u00e9gr\u00e9, du t\u00e9l\u00e9phone et d&rsquo;un compteur \u00e9lectrique<\/li>\n<\/ul>\n<p>[\/vc_column_text][\/vc_column][vc_column width=\u00a0\u00bb1\/3&Prime;][vc_column_text]<\/p>\n<ul>\n<li>protection par alarme individuelle pour chaque bureau, connect\u00e9e \u00e0 la centrale d&rsquo;alarme et \u00e0 la patrouille. Surveillance par cam\u00e9ra<\/li>\n<\/ul>\n<p>[\/vc_column_text][\/vc_column][\/vc_row][vc_row][vc_column][vc_separator][\/vc_column][\/vc_row][vc_row][vc_column width=\u00a0\u00bb1\/4&Prime;][vc_single_image image=\u00a0\u00bb467&Prime; alignment=\u00a0\u00bbcenter\u00a0\u00bb style=\u00a0\u00bbvc_box_border_grey vc_box_border_circle_2&Prime; onclick=\u00a0\u00bblink_image\u00a0\u00bb][\/vc_column][vc_column width=\u00a0\u00bb1\/4&Prime;][vc_single_image image=\u00a0\u00bb238&Prime; alignment=\u00a0\u00bbcenter\u00a0\u00bb style=\u00a0\u00bbvc_box_border_grey vc_box_border_circle_2&Prime; onclick=\u00a0\u00bblink_image\u00a0\u00bb][\/vc_column][vc_column width=\u00a0\u00bb1\/4&Prime;][vc_single_image image=\u00a0\u00bb883&Prime; alignment=\u00a0\u00bbcenter\u00a0\u00bb style=\u00a0\u00bbvc_box_border_grey vc_box_border_circle_2&Prime; onclick=\u00a0\u00bblink_image\u00a0\u00bb][\/vc_column][vc_column width=\u00a0\u00bb1\/4&Prime;][vc_single_image image=\u00a0\u00bb877&Prime; alignment=\u00a0\u00bbcenter\u00a0\u00bb style=\u00a0\u00bbvc_box_border_grey vc_box_border_circle_2&Prime; onclick=\u00a0\u00bblink_image\u00a0\u00bb][\/vc_column][\/vc_row][vc_row][vc_column][vc_separator][\/vc_column][\/vc_row][vc_row][vc_column]<div class=\"bcz_testimonial horizontal container-fluid\">\n\t<figure class=\"image vc_col-sm-3 wpb_column\"><img loading=\"lazy\" decoding=\"async\" src=\"https:\/\/www.bcz.be\/wp-content\/uploads\/2015\/06\/IMG_4722-kopie-kopie-150x150.jpg\" alt=\"Frank - Helon Architecten\" width=\"110\" height=\"110\" \/><\/figure>\n\t<div class=\"vc_col-sm-8\">\n\t\t<div class=\"quote\">\u00ab\u00a0Notre choix du centre d\u2019entreprises, nous l\u2019avons fait sans trop de difficult\u00e9s. L\u2019accueil chaleureux d\u2019Anja nous a donn\u00e9 imm\u00e9diatement un sentiment de confort. Un bureau compact que nous avons pu am\u00e9nager \u00e0 notre guise, toujours une place de parking, des r\u00e9servations fluides pour la salle de r\u00e9union et d&rsquo;excellents voisins ! Nous n\u2019avons pas encore regrett\u00e9 notre d\u00e9cision une seule seconde !\u00a0\u00bb<\/div>\n\t\t<div class=\"name\">&#8212; Frank - Helon Architecten<\/div>\n\t<\/div>\n<\/div>\n[\/vc_column][\/vc_row][vc_row][vc_column][vc_separator][\/vc_column][\/vc_row][vc_row][vc_column][vc_column_text]<\/p>\n<h3>Equipements collectifs<\/h3>\n<ul>\n<li>sas d&rsquo;entr\u00e9e<\/li>\n<li>centrale t\u00e9l\u00e9phonique IP avec\u00a0bo\u00eetes de messagerie\u00a0individuelles (Voice over IP)<\/li>\n<li>infrastructure d&rsquo;informatique et de communication ultramoderne (c\u00e2blage de r\u00e9seau int\u00e9gr\u00e9\u00a0SFTP)<\/li>\n<li><span class=\"hps\">local technique dot\u00e9 d&rsquo;un syst\u00e8me de<\/span><span class=\"hps\">\u00a0refroidissement ad\u00e9quat<\/span><\/li>\n<li>bo\u00eetes aux lettres individuelles<\/li>\n<li>utilisation illimit\u00e9e des salles de r\u00e9union bien \u00e9quip\u00e9es (r\u00e9servation en ligne) avec cloison didactique, vid\u00e9oprojecteur, points de connexion de donn\u00e9es, WiFi)<\/li>\n<li>kitchenette\u00a0munie d&rsquo;un lave-vaisselle, d&rsquo;un\u00a0four \u00e0 micro-ondes et d&rsquo;une cafeti\u00e8re<\/li>\n<li>patio ext\u00e9rieur\u00a0(WiFi)<\/li>\n<li>espace lobby et\u00a0coin lecture confortable (WiFi)<\/li>\n<li>espace de livraison<\/li>\n<li>installations sanitaires<\/li>\n<li>parking r\u00e9serv\u00e9 et grand terrain de parking gratuit pour les visiteurs, se ferment automatiquement en dehors des heures d&rsquo;ouverture<\/li>\n<li>emplacement pour les v\u00e9los<\/li>\n<li><span class=\"hps\">conteneurs<\/span> <span class=\"hps\">esth\u00e9tiques<\/span> <span class=\"hps\">souterrains (pour papiers et d\u00e9chets r\u00e9siduels)<\/span><\/li>\n<li>biblioth\u00e8que : abonnement \u00e0 diff\u00e9rents magazines sp\u00e9cialis\u00e9s<\/li>\n<li>surveillance par cam\u00e9ra<\/li>\n<\/ul>\n<p>[\/vc_column_text][\/vc_column][\/vc_row][vc_row][vc_column width=\u00a0\u00bb1\/2&Prime;][vc_column_text]<\/p>\n<h3>Equipement<\/h3>\n<ul>\n<li><span class=\"hps\">utilisation du fax<\/span> <span class=\"hps\">et du multi<\/span>copieur couleur <span class=\"hps\">(code<\/span> <span class=\"hps\">individuel) avec fonction de scan gratuite<\/span><\/li>\n<li>TV et\u00a0vid\u00e9o<\/li>\n<li>vid\u00e9oprojecteur\u00a0portable\u00a0 (\u00e9galement pour les d\u00e9placements), \u00e9cran de projection, tableau blanc<\/li>\n<li>appareil photo<br \/>\nmachine \u00e0\u00a0 affranchir<\/li>\n<li><span class=\"hps\">d\u00e9chiqueteuse<\/span><\/li>\n<li>machine \u00e0 relier et \u00e0 plastifier<\/li>\n<\/ul>\n<p>[\/vc_column_text][\/vc_column][vc_column width=\u00a0\u00bb1\/2&Prime;][vc_column_text]<\/p>\n<h3>Services<\/h3>\n<ul>\n<li>acceuil des visiteurs\u00a0et r\u00e9ception de paquets par le sas d&rsquo;entr\u00e9e<\/li>\n<li>traitement du courrier\u00a0entrant et sortant<\/li>\n<li>travail g\u00e9n\u00e9ral de secr\u00e9tariat\u00a0<span style=\"text-decoration: underline;\">en r\u00e9gie<\/span><\/li>\n<li>salles de r\u00e9unions \u00e0 r\u00e9server via le site Web<\/li>\n<li>distributeur de boissons chaudes et de friandises, service de livraison de sandwiches<\/li>\n<li>entretien des parties collectives du b\u00e2timent, des fen\u00eatres, du parking et\u00a0des espaces verts<\/li>\n<\/ul>\n<p>[\/vc_column_text][\/vc_column][\/vc_row][vc_row][vc_column][vc_separator][\/vc_column][\/vc_row][vc_row][vc_column][vc_column_text]<\/p>\n<h3 style=\"text-align: center;\">\u00ab\u00a0Vous louez 23m\u00b2,<br \/>\nmais vous avez l&rsquo;impression d&rsquo;en avoir trois fois plus.\u00a0\u00bb<\/h3>\n<p>[\/vc_column_text][\/vc_column][\/vc_row]<\/p>\n<\/div>","protected":false},"excerpt":{"rendered":"<p>[vc_row el_class=\u00a0\u00bbimage\u00a0\u00bb css=\u00a0\u00bb.vc_custom_1646037053551{background-image: url(https:\/\/www.bcz.be\/wp-content\/uploads\/2015\/03\/bedrijvencentrum-zennevallei-voorgevel.jpg?id=1102) !important;}\u00a0\u00bb][vc_column][\/vc_column][\/vc_row][vc_row][vc_column][vc_column_text] Un espace pour entreprendre, adapt\u00e9 \u00e0 l&rsquo;entrepreneur [\/vc_column_text][\/vc_column][vc_column width=\u00a0\u00bb2\/3&Prime; offset=\u00a0\u00bbvc_col-sm-offset-2&Prime;][vc_empty_space][vc_column_text] Dans notre Centre d&rsquo;entreprises vous disposez imm\u00e9diatement d&rsquo;un bureau am\u00e9nag\u00e9, dans lequel vous pouvez imm\u00e9diatement commencer \u00e0 travailler. Vous profitez d&rsquo;un espace individuel dans un environnement dynamique et convivial offrant de nombreuses facilit\u00e9s. [\/vc_column_text][vc_btn title=\u00a0\u00bbDemandez un devis\u00a0\u00bb color=\u00a0\u00bbgreen\u00a0\u00bb align=\u00a0\u00bbcenter\u00a0\u00bb link=\u00a0\u00bburl:%23colophon|title:Vraag%20offerte|\u00a0\u00bb][\/vc_column][\/vc_row][vc_row][vc_column][vc_separator][\/vc_column][\/vc_row][vc_row][vc_column][vc_column_text] &hellip; <a href=\"https:\/\/www.bcz.be\/fr\/bureaux\/\" class=\"more-link\">Plus d&rsquo;info <span class=\"screen-reader-text\">Bureaux<\/span><\/a><\/p>\n","protected":false},"author":1,"featured_media":0,"parent":0,"menu_order":0,"comment_status":"closed","ping_status":"closed","template":"","meta":{"footnotes":""},"class_list":["post-603","page","type-page","status-publish","hentry"],"yoast_head":"<!-- This site is optimized with the Yoast SEO plugin v26.9 - https:\/\/yoast.com\/product\/yoast-seo-wordpress\/ -->\n<title>Bureaux - Centre d&#039;entreprises Zennevallei<\/title>\n<meta name=\"robots\" content=\"index, follow, max-snippet:-1, max-image-preview:large, max-video-preview:-1\" \/>\n<link rel=\"canonical\" href=\"https:\/\/www.bcz.be\/fr\/bureaux\/\" \/>\n<meta property=\"og:locale\" content=\"fr_FR\" \/>\n<meta property=\"og:type\" content=\"article\" \/>\n<meta property=\"og:title\" content=\"Bureaux - Centre d&#039;entreprises Zennevallei\" \/>\n<meta property=\"og:description\" content=\"[vc_row el_class=\u00a0\u00bbimage\u00a0\u00bb css=\u00a0\u00bb.vc_custom_1646037053551{background-image: url(https:\/\/www.bcz.be\/wp-content\/uploads\/2015\/03\/bedrijvencentrum-zennevallei-voorgevel.jpg?id=1102) !important;}\u00a0\u00bb][vc_column][\/vc_column][\/vc_row][vc_row][vc_column][vc_column_text] Un espace pour entreprendre, adapt\u00e9 \u00e0 l&rsquo;entrepreneur [\/vc_column_text][\/vc_column][vc_column width=\u00a0\u00bb2\/3&Prime; offset=\u00a0\u00bbvc_col-sm-offset-2&Prime;][vc_empty_space][vc_column_text] Dans notre Centre d&rsquo;entreprises vous disposez imm\u00e9diatement d&rsquo;un bureau am\u00e9nag\u00e9, dans lequel vous pouvez imm\u00e9diatement commencer \u00e0 travailler. Vous profitez d&rsquo;un espace individuel dans un environnement dynamique et convivial offrant de nombreuses facilit\u00e9s. [\/vc_column_text][vc_btn title=\u00a0\u00bbDemandez un devis\u00a0\u00bb color=\u00a0\u00bbgreen\u00a0\u00bb align=\u00a0\u00bbcenter\u00a0\u00bb link=\u00a0\u00bburl:%23colophon|title:Vraag%20offerte|\u00a0\u00bb][\/vc_column][\/vc_row][vc_row][vc_column][vc_separator][\/vc_column][\/vc_row][vc_row][vc_column][vc_column_text] &hellip; Plus d&#039;info Bureaux\" \/>\n<meta property=\"og:url\" content=\"https:\/\/www.bcz.be\/fr\/bureaux\/\" \/>\n<meta property=\"og:site_name\" content=\"Centre d&#039;entreprises Zennevallei\" \/>\n<meta property=\"article:modified_time\" content=\"2022-02-28T08:31:06+00:00\" \/>\n<meta name=\"twitter:label1\" content=\"Dur\u00e9e de lecture estim\u00e9e\" \/>\n\t<meta name=\"twitter:data1\" content=\"3 minutes\" \/>\n<script type=\"application\/ld+json\" class=\"yoast-schema-graph\">{\"@context\":\"https:\/\/schema.org\",\"@graph\":[{\"@type\":\"WebPage\",\"@id\":\"https:\/\/www.bcz.be\/fr\/bureaux\/\",\"url\":\"https:\/\/www.bcz.be\/fr\/bureaux\/\",\"name\":\"Bureaux - Centre d'entreprises Zennevallei\",\"isPartOf\":{\"@id\":\"https:\/\/www.bcz.be\/#website\"},\"datePublished\":\"2015-05-12T10:50:03+00:00\",\"dateModified\":\"2022-02-28T08:31:06+00:00\",\"breadcrumb\":{\"@id\":\"https:\/\/www.bcz.be\/fr\/bureaux\/#breadcrumb\"},\"inLanguage\":\"fr-FR\",\"potentialAction\":[{\"@type\":\"ReadAction\",\"target\":[\"https:\/\/www.bcz.be\/fr\/bureaux\/\"]}]},{\"@type\":\"BreadcrumbList\",\"@id\":\"https:\/\/www.bcz.be\/fr\/bureaux\/#breadcrumb\",\"itemListElement\":[{\"@type\":\"ListItem\",\"position\":1,\"name\":\"Home\",\"item\":\"https:\/\/www.bcz.be\/fr\/\"},{\"@type\":\"ListItem\",\"position\":2,\"name\":\"Bureaux\"}]},{\"@type\":\"WebSite\",\"@id\":\"https:\/\/www.bcz.be\/#website\",\"url\":\"https:\/\/www.bcz.be\/\",\"name\":\"Centre d'entreprises Zennevallei\",\"description\":\"meer dan een gebouw alleen\",\"potentialAction\":[{\"@type\":\"SearchAction\",\"target\":{\"@type\":\"EntryPoint\",\"urlTemplate\":\"https:\/\/www.bcz.be\/?s={search_term_string}\"},\"query-input\":{\"@type\":\"PropertyValueSpecification\",\"valueRequired\":true,\"valueName\":\"search_term_string\"}}],\"inLanguage\":\"fr-FR\"}]}<\/script>\n<!-- \/ Yoast SEO plugin. -->","yoast_head_json":{"title":"Bureaux - Centre d'entreprises Zennevallei","robots":{"index":"index","follow":"follow","max-snippet":"max-snippet:-1","max-image-preview":"max-image-preview:large","max-video-preview":"max-video-preview:-1"},"canonical":"https:\/\/www.bcz.be\/fr\/bureaux\/","og_locale":"fr_FR","og_type":"article","og_title":"Bureaux - Centre d'entreprises Zennevallei","og_description":"[vc_row el_class=\u00a0\u00bbimage\u00a0\u00bb css=\u00a0\u00bb.vc_custom_1646037053551{background-image: url(https:\/\/www.bcz.be\/wp-content\/uploads\/2015\/03\/bedrijvencentrum-zennevallei-voorgevel.jpg?id=1102) !important;}\u00a0\u00bb][vc_column][\/vc_column][\/vc_row][vc_row][vc_column][vc_column_text] Un espace pour entreprendre, adapt\u00e9 \u00e0 l&rsquo;entrepreneur [\/vc_column_text][\/vc_column][vc_column width=\u00a0\u00bb2\/3&Prime; offset=\u00a0\u00bbvc_col-sm-offset-2&Prime;][vc_empty_space][vc_column_text] Dans notre Centre d&rsquo;entreprises vous disposez imm\u00e9diatement d&rsquo;un bureau am\u00e9nag\u00e9, dans lequel vous pouvez imm\u00e9diatement commencer \u00e0 travailler. Vous profitez d&rsquo;un espace individuel dans un environnement dynamique et convivial offrant de nombreuses facilit\u00e9s. [\/vc_column_text][vc_btn title=\u00a0\u00bbDemandez un devis\u00a0\u00bb color=\u00a0\u00bbgreen\u00a0\u00bb align=\u00a0\u00bbcenter\u00a0\u00bb link=\u00a0\u00bburl:%23colophon|title:Vraag%20offerte|\u00a0\u00bb][\/vc_column][\/vc_row][vc_row][vc_column][vc_separator][\/vc_column][\/vc_row][vc_row][vc_column][vc_column_text] &hellip; Plus d'info Bureaux","og_url":"https:\/\/www.bcz.be\/fr\/bureaux\/","og_site_name":"Centre d'entreprises Zennevallei","article_modified_time":"2022-02-28T08:31:06+00:00","twitter_misc":{"Dur\u00e9e de lecture estim\u00e9e":"3 minutes"},"schema":{"@context":"https:\/\/schema.org","@graph":[{"@type":"WebPage","@id":"https:\/\/www.bcz.be\/fr\/bureaux\/","url":"https:\/\/www.bcz.be\/fr\/bureaux\/","name":"Bureaux - Centre d'entreprises Zennevallei","isPartOf":{"@id":"https:\/\/www.bcz.be\/#website"},"datePublished":"2015-05-12T10:50:03+00:00","dateModified":"2022-02-28T08:31:06+00:00","breadcrumb":{"@id":"https:\/\/www.bcz.be\/fr\/bureaux\/#breadcrumb"},"inLanguage":"fr-FR","potentialAction":[{"@type":"ReadAction","target":["https:\/\/www.bcz.be\/fr\/bureaux\/"]}]},{"@type":"BreadcrumbList","@id":"https:\/\/www.bcz.be\/fr\/bureaux\/#breadcrumb","itemListElement":[{"@type":"ListItem","position":1,"name":"Home","item":"https:\/\/www.bcz.be\/fr\/"},{"@type":"ListItem","position":2,"name":"Bureaux"}]},{"@type":"WebSite","@id":"https:\/\/www.bcz.be\/#website","url":"https:\/\/www.bcz.be\/","name":"Centre d'entreprises Zennevallei","description":"meer dan een gebouw alleen","potentialAction":[{"@type":"SearchAction","target":{"@type":"EntryPoint","urlTemplate":"https:\/\/www.bcz.be\/?s={search_term_string}"},"query-input":{"@type":"PropertyValueSpecification","valueRequired":true,"valueName":"search_term_string"}}],"inLanguage":"fr-FR"}]}},"_links":{"self":[{"href":"https:\/\/www.bcz.be\/fr\/wp-json\/wp\/v2\/pages\/603","targetHints":{"allow":["GET"]}}],"collection":[{"href":"https:\/\/www.bcz.be\/fr\/wp-json\/wp\/v2\/pages"}],"about":[{"href":"https:\/\/www.bcz.be\/fr\/wp-json\/wp\/v2\/types\/page"}],"author":[{"embeddable":true,"href":"https:\/\/www.bcz.be\/fr\/wp-json\/wp\/v2\/users\/1"}],"replies":[{"embeddable":true,"href":"https:\/\/www.bcz.be\/fr\/wp-json\/wp\/v2\/comments?post=603"}],"version-history":[{"count":32,"href":"https:\/\/www.bcz.be\/fr\/wp-json\/wp\/v2\/pages\/603\/revisions"}],"predecessor-version":[{"id":1250,"href":"https:\/\/www.bcz.be\/fr\/wp-json\/wp\/v2\/pages\/603\/revisions\/1250"}],"wp:attachment":[{"href":"https:\/\/www.bcz.be\/fr\/wp-json\/wp\/v2\/media?parent=603"}],"curies":[{"name":"wp","href":"https:\/\/api.w.org\/{rel}","templated":true}]}}